{"id":801,"date":"2023-09-12T13:17:27","date_gmt":"2023-09-12T13:17:27","guid":{"rendered":"https:\/\/mobilmat.be\/privacy-policy\/"},"modified":"2023-09-27T15:06:07","modified_gmt":"2023-09-27T15:06:07","slug":"privacy-policy","status":"publish","type":"page","link":"https:\/\/mobilmat.be\/fr\/privacy-policy\/","title":{"rendered":"Privacy Policy"},"content":{"rendered":"\t\t<div data-elementor-type=\"wp-page\" data-elementor-id=\"801\" class=\"elementor elementor-801 elementor-3\" data-elementor-post-type=\"page\">\n\t\t\t\t<div class=\"elementor-element elementor-element-483da87e e-flex e-con-boxed e-con e-parent\" data-id=\"483da87e\" data-element_type=\"container\" data-e-type=\"container\">\n\t\t\t\t\t<div class=\"e-con-inner\">\n\t\t\t\t<div class=\"elementor-element elementor-element-2a280df elementor-widget elementor-widget-heading\" data-id=\"2a280df\" data-element_type=\"widget\" data-e-type=\"widget\" data-widget_type=\"heading.default\">\n\t\t\t\t<div class=\"elementor-widget-container\">\n\t\t\t\t\t<span class=\"elementor-heading-title elementor-size-default\">Privacy<\/span>\t\t\t\t<\/div>\n\t\t\t\t<\/div>\n\t\t\t\t\t<\/div>\n\t\t\t\t<\/div>\n\t\t<div class=\"elementor-element elementor-element-1429210 e-flex e-con-boxed e-con e-parent\" data-id=\"1429210\" data-element_type=\"container\" data-e-type=\"container\">\n\t\t\t\t\t<div class=\"e-con-inner\">\n\t\t\t\t<div class=\"elementor-element elementor-element-9fa01ce elementor-widget elementor-widget-heading\" data-id=\"9fa01ce\" data-element_type=\"widget\" data-e-type=\"widget\" data-widget_type=\"heading.default\">\n\t\t\t\t<div class=\"elementor-widget-container\">\n\t\t\t\t\t<h1 class=\"elementor-heading-title elementor-size-default\">Privacy<\/h1>\t\t\t\t<\/div>\n\t\t\t\t<\/div>\n\t\t\t\t<div class=\"elementor-element elementor-element-f84d28c elementor-widget elementor-widget-heading\" data-id=\"f84d28c\" data-element_type=\"widget\" data-e-type=\"widget\" data-widget_type=\"heading.default\">\n\t\t\t\t<div class=\"elementor-widget-container\">\n\t\t\t\t\t<h2 class=\"elementor-heading-title elementor-size-default\">DATA PROTECTION NOTICE<\/h2>\t\t\t\t<\/div>\n\t\t\t\t<\/div>\n\t\t\t\t<div class=\"elementor-element elementor-element-f5e1deb elementor-widget elementor-widget-heading\" data-id=\"f5e1deb\" data-element_type=\"widget\" data-e-type=\"widget\" data-widget_type=\"heading.default\">\n\t\t\t\t<div class=\"elementor-widget-container\">\n\t\t\t\t\t<h2 class=\"elementor-heading-title elementor-size-default\">MOBILMAT<\/h2>\t\t\t\t<\/div>\n\t\t\t\t<\/div>\n\t\t\t\t\t<\/div>\n\t\t\t\t<\/div>\n\t\t<div class=\"elementor-element elementor-element-728732c e-flex e-con-boxed e-con e-parent\" data-id=\"728732c\" data-element_type=\"container\" data-e-type=\"container\">\n\t\t\t\t\t<div class=\"e-con-inner\">\n\t\t\t\t<div class=\"elementor-element elementor-element-003f289 elementor-widget elementor-widget-heading\" data-id=\"003f289\" data-element_type=\"widget\" data-e-type=\"widget\" data-widget_type=\"heading.default\">\n\t\t\t\t<div class=\"elementor-widget-container\">\n\t\t\t\t\t<h3 class=\"elementor-heading-title elementor-size-default\">1. INTRODUCTION<\/h3>\t\t\t\t<\/div>\n\t\t\t\t<\/div>\n\t\t\t\t<div class=\"elementor-element elementor-element-34f3126 elementor-widget elementor-widget-text-editor\" data-id=\"34f3126\" data-element_type=\"widget\" data-e-type=\"widget\" data-widget_type=\"text-editor.default\">\n\t\t\t\t<div class=\"elementor-widget-container\">\n\t\t\t\t\t\t\t\t\t<p>MOBILMAT NV, dont le si\u00e8ge social est \u00e9tabli \u00e0 8000 Brugge, Pathoekeweg 400 et inscrite \u00e0 la Banque-Carrefour des Entreprises sous le num\u00e9ro d\u2019entreprise 0431.057.310, accorde une grande importance \u00e0 la collecte et au traitement s\u00fbrs, transparents et confidentiels de vos donn\u00e9es \u00e0 caract\u00e8re personnel. Nous voulons en particulier prot\u00e9ger les donn\u00e9es de nos clients, sous-traitants et fournisseurs, notamment, contre les pertes, violations, erreurs, acc\u00e8s non autoris\u00e9s ou traitements ill\u00e9gaux. <\/p>\n<p>Par cette note d\u2019information sur la protection des donn\u00e9es personnelles, nous souhaitons vous informer de la collecte et du traitement de vos donn\u00e9es \u00e0 caract\u00e8re personnel.<\/p>\n<p>Nous vous demandons de lire attentivement cette note d\u2019information sur la protection des donn\u00e9es personnelles, puisqu\u2019elle contient des informations importantes sur la mani\u00e8re dont nous traitons vos donn\u00e9es \u00e0 caract\u00e8re personnel et la raison pour laquelle nous le faisons.<br \/>En communiquant vos donn\u00e9es \u00e0 caract\u00e8re personnel, vous d\u00e9clarez explicitement avoir pris connaissance de la pr\u00e9sente note d\u2019information sur la protection des donn\u00e9es personnelles et vous en acceptez explicitement le contenu, ainsi que le traitement proprement dit.<\/p>\n\t\t\t\t\t\t\t\t<\/div>\n\t\t\t\t<\/div>\n\t\t\t\t\t<\/div>\n\t\t\t\t<\/div>\n\t\t<div class=\"elementor-element elementor-element-7772413 e-flex e-con-boxed e-con e-parent\" data-id=\"7772413\" data-element_type=\"container\" data-e-type=\"container\">\n\t\t\t\t\t<div class=\"e-con-inner\">\n\t\t\t\t<div class=\"elementor-element elementor-element-8892609 elementor-widget elementor-widget-heading\" data-id=\"8892609\" data-element_type=\"widget\" data-e-type=\"widget\" data-widget_type=\"heading.default\">\n\t\t\t\t<div class=\"elementor-widget-container\">\n\t\t\t\t\t<h3 class=\"elementor-heading-title elementor-size-default\">2. CHAMP D\u2019APPLICATION<\/h3>\t\t\t\t<\/div>\n\t\t\t\t<\/div>\n\t\t\t\t<div class=\"elementor-element elementor-element-167ce5d elementor-widget elementor-widget-text-editor\" data-id=\"167ce5d\" data-element_type=\"widget\" data-e-type=\"widget\" data-widget_type=\"text-editor.default\">\n\t\t\t\t<div class=\"elementor-widget-container\">\n\t\t\t\t\t\t\t\t\t<p><span style=\"font-size: 13.6px;\">La pr\u00e9sente note d\u2019information sur la protection des donn\u00e9es personnelles concerne tous les services que nous fournissons et, de mani\u00e8re g\u00e9n\u00e9rale, toutes les activit\u00e9s que nous exer\u00e7ons.<\/span><\/p>\n\t\t\t\t\t\t\t\t<\/div>\n\t\t\t\t<\/div>\n\t\t\t\t\t<\/div>\n\t\t\t\t<\/div>\n\t\t<div class=\"elementor-element elementor-element-d434da8 e-flex e-con-boxed e-con e-parent\" data-id=\"d434da8\" data-element_type=\"container\" data-e-type=\"container\">\n\t\t\t\t\t<div class=\"e-con-inner\">\n\t\t\t\t<div class=\"elementor-element elementor-element-ee9c797 elementor-widget elementor-widget-heading\" data-id=\"ee9c797\" data-element_type=\"widget\" data-e-type=\"widget\" data-widget_type=\"heading.default\">\n\t\t\t\t<div class=\"elementor-widget-container\">\n\t\t\t\t\t<h3 class=\"elementor-heading-title elementor-size-default\">3. RESPONSABLE DU TRAITEMENT ET SES ENGAGEMENTS<\/h3>\t\t\t\t<\/div>\n\t\t\t\t<\/div>\n\t\t\t\t<div class=\"elementor-element elementor-element-e98b2ba elementor-widget elementor-widget-text-editor\" data-id=\"e98b2ba\" data-element_type=\"widget\" data-e-type=\"widget\" data-widget_type=\"text-editor.default\">\n\t\t\t\t<div class=\"elementor-widget-container\">\n\t\t\t\t\t\t\t\t\t<p>MOBILMAT NV, dont le si\u00e8ge social est \u00e9tabli \u00e0 8000 Bruges, Pathoekweg 400 t inscrite \u00e0 la Banque-Carrefour des Entreprises sous le num\u00e9ro d\u2019entreprise 0431.057.310 est la responsable du traitement de vos donn\u00e9es \u00e0 caract\u00e8re personnel.<\/p>\n<p>Lors de la collecte et du traitement de vos donn\u00e9es \u00e0 caract\u00e8re personnel, nous respectons la l\u00e9gislation belge en mati\u00e8re de protection des donn\u00e9es \u00e0 caract\u00e8re personnel, ainsi que le R\u00e8glement G\u00e9n\u00e9ral sur la Protection des Donn\u00e9es (RGPD) \u00e0 partir de son entr\u00e9e en vigueur le 25 mai 2018.<\/p>\n\t\t\t\t\t\t\t\t<\/div>\n\t\t\t\t<\/div>\n\t\t\t\t\t<\/div>\n\t\t\t\t<\/div>\n\t\t<div class=\"elementor-element elementor-element-a5ad08e e-flex e-con-boxed e-con e-parent\" data-id=\"a5ad08e\" data-element_type=\"container\" data-e-type=\"container\">\n\t\t\t\t\t<div class=\"e-con-inner\">\n\t\t\t\t<div class=\"elementor-element elementor-element-8285623 elementor-widget elementor-widget-heading\" data-id=\"8285623\" data-element_type=\"widget\" data-e-type=\"widget\" data-widget_type=\"heading.default\">\n\t\t\t\t<div class=\"elementor-widget-container\">\n\t\t\t\t\t<h3 class=\"elementor-heading-title elementor-size-default\">4. DONN\u00c9ES \u00c0 CARACT\u00c8RE PERSONNEL<\/h3>\t\t\t\t<\/div>\n\t\t\t\t<\/div>\n\t\t\t\t<div class=\"elementor-element elementor-element-318a222 elementor-widget elementor-widget-text-editor\" data-id=\"318a222\" data-element_type=\"widget\" data-e-type=\"widget\" data-widget_type=\"text-editor.default\">\n\t\t\t\t<div class=\"elementor-widget-container\">\n\t\t\t\t\t\t\t\t\t<p>Selon vos activit\u00e9s et la relation entretenue avec notre entreprise, vous nous communiquerez les donn\u00e9es \u00e0 caract\u00e8re personnel suivantes : vos donn\u00e9es d\u2019identit\u00e9 et vos coordonn\u00e9es (nom, titre, adresse, adresse e-mail, num\u00e9ro de t\u00e9l\u00e9phone et de GSM). Pour certaines obligations l\u00e9gales particuli\u00e8res (enregistrement \u00e9lectronique des pr\u00e9sences, d\u00e9claration de travaux \u00ab 30bis \u00bb), il est possible que vous deviez nous fournir des donn\u00e9es suppl\u00e9mentaires afin d\u2019enregistrer vos pr\u00e9sences (telles que les donn\u00e9es de la carte d\u2019identit\u00e9 \u00e9lectronique, le num\u00e9ro Limosa). Lorsque vous likez notre entreprise sur les r\u00e9seaux sociaux, vos donn\u00e9es \u00e0 caract\u00e8re personnel nous sont \u00e9galement communiqu\u00e9es.  <\/p>\n<p>Nous attirons aimablement votre attention sur le fait que la responsabilit\u00e9 vous incombe pour toutes les donn\u00e9es que vous nous fournissez et que nous comptons sur leur exactitude. Si vos donn\u00e9es ne sont plus \u00e0 jour, nous vous demandons de nous en informer imm\u00e9diatement. <\/p>\n<p>Vous n\u2019\u00eates pas oblig\u00e9(e) de communiquer vos donn\u00e9es \u00e0 caract\u00e8re personnel, mais comprenez qu\u2019il sera impossible d\u2019offrir certains services ou de collaborer si vous ne consentez pas \u00e0 la collecte et au traitement de ces donn\u00e9es.<\/p>\n\t\t\t\t\t\t\t\t<\/div>\n\t\t\t\t<\/div>\n\t\t\t\t\t<\/div>\n\t\t\t\t<\/div>\n\t\t<div class=\"elementor-element elementor-element-816252f e-flex e-con-boxed e-con e-parent\" data-id=\"816252f\" data-element_type=\"container\" data-e-type=\"container\">\n\t\t\t\t\t<div class=\"e-con-inner\">\n\t\t\t\t<div class=\"elementor-element elementor-element-cf3e530 elementor-widget elementor-widget-heading\" data-id=\"cf3e530\" data-element_type=\"widget\" data-e-type=\"widget\" data-widget_type=\"heading.default\">\n\t\t\t\t<div class=\"elementor-widget-container\">\n\t\t\t\t\t<h3 class=\"elementor-heading-title elementor-size-default\">5. FINALIT\u00c9S DU TRAITEMENT ET BASE JURIDIQUE<\/h3>\t\t\t\t<\/div>\n\t\t\t\t<\/div>\n\t\t\t\t<div class=\"elementor-element elementor-element-7c22654 elementor-widget elementor-widget-heading\" data-id=\"7c22654\" data-element_type=\"widget\" data-e-type=\"widget\" data-widget_type=\"heading.default\">\n\t\t\t\t<div class=\"elementor-widget-container\">\n\t\t\t\t\t<h4 class=\"elementor-heading-title elementor-size-default\">5.1 Donn\u00e9es des clients<\/h4>\t\t\t\t<\/div>\n\t\t\t\t<\/div>\n\t\t\t\t<div class=\"elementor-element elementor-element-bd6dfde elementor-widget elementor-widget-text-editor\" data-id=\"bd6dfde\" data-element_type=\"widget\" data-e-type=\"widget\" data-widget_type=\"text-editor.default\">\n\t\t\t\t<div class=\"elementor-widget-container\">\n\t\t\t\t\t\t\t\t\t<p>Dans le cadre de nos services et de nos activit\u00e9s, nous collectons et traitons les donn\u00e9es d\u2019identit\u00e9 et les coordonn\u00e9es de nos clients et des donneurs d\u2019ordre, de leur personnel, de leurs collaborateurs et pr\u00e9pos\u00e9s, et de toute autre personne de contact utile. Les finalit\u00e9s de ces traitements sont l\u2019ex\u00e9cution des contrats avec nos clients, la gestion des clients, la comptabilit\u00e9 et les activit\u00e9s de marketing direct, telles que l\u2019envoi d\u2019informations promotionnelles ou commerciales. Les bases juridiques sont l\u2019ex\u00e9cution du contrat, le respect d\u2019obligations l\u00e9gales et r\u00e9glementaires (telles que la d\u00e9claration de travaux \u00ab 30 bis \u00bb, par exemple) et\/ou notre int\u00e9r\u00eat l\u00e9gitime.  <\/p>\n\t\t\t\t\t\t\t\t<\/div>\n\t\t\t\t<\/div>\n\t\t\t\t<div class=\"elementor-element elementor-element-4e9f9de elementor-widget elementor-widget-heading\" data-id=\"4e9f9de\" data-element_type=\"widget\" data-e-type=\"widget\" data-widget_type=\"heading.default\">\n\t\t\t\t<div class=\"elementor-widget-container\">\n\t\t\t\t\t<h4 class=\"elementor-heading-title elementor-size-default\">5.2 Donn\u00e9es des fournisseurs et sous-traitants<\/h4>\t\t\t\t<\/div>\n\t\t\t\t<\/div>\n\t\t\t\t<div class=\"elementor-element elementor-element-10fef9e elementor-widget elementor-widget-text-editor\" data-id=\"10fef9e\" data-element_type=\"widget\" data-e-type=\"widget\" data-widget_type=\"text-editor.default\">\n\t\t\t\t<div class=\"elementor-widget-container\">\n\t\t\t\t\t\t\t\t\t<p>Nous collectons et traitons les donn\u00e9es d\u2019identit\u00e9 et les coordonn\u00e9es de nos fournisseurs et sous-traitants, ainsi que de leurs \u00e9ventuels (sous-)sous-traitant(s), de leur personnel, de leurs collaborateurs et pr\u00e9pos\u00e9s, et de toute autre personne de contact utile. Les finalit\u00e9s de ces traitements sont l\u2019ex\u00e9cution de ce contrat, la gestion des fournisseurs\/sous-traitants, la comptabilit\u00e9 et les activit\u00e9s de marketing direct, telles que l\u2019envoi d\u2019informations promotionnelles ou commerciales. Les bases juridiques sont l\u2019ex\u00e9cution du contrat, le respect d\u2019obligations l\u00e9gales et r\u00e9glementaires (telles que l\u2019enregistrement \u00e9lectronique obligatoire des pr\u00e9sences, la d\u00e9claration de travaux \u00ab 30 bis \u00bb, la liste des pr\u00e9sences ou d\u2019autres obligations lors de march\u00e9s publics, etc.) et\/ou notre int\u00e9r\u00eat l\u00e9gitime (pour le marketing direct, par exemple). Pour l\u2019enregistrement \u00e9lectronique des pr\u00e9sences, les donn\u00e9es de la carte d\u2019identit\u00e9 \u00e9lectronique ou le num\u00e9ro Limosa sont \u00e9galement trait\u00e9s le cas \u00e9ch\u00e9ant. Pour les activit\u00e9s de marketing direct par courriel (telles que les bulletins d\u2019information ou les invitations \u00e0 des \u00e9v\u00e9nements), l\u2019autorisation sera toujours demand\u00e9e et pourra \u00e0 tout moment \u00eatre retir\u00e9e.    <\/p>\n\t\t\t\t\t\t\t\t<\/div>\n\t\t\t\t<\/div>\n\t\t\t\t<div class=\"elementor-element elementor-element-b3e5064 elementor-widget elementor-widget-heading\" data-id=\"b3e5064\" data-element_type=\"widget\" data-e-type=\"widget\" data-widget_type=\"heading.default\">\n\t\t\t\t<div class=\"elementor-widget-container\">\n\t\t\t\t\t<h4 class=\"elementor-heading-title elementor-size-default\">5.3 Donn\u00e9es du personnel<\/h4>\t\t\t\t<\/div>\n\t\t\t\t<\/div>\n\t\t\t\t<div class=\"elementor-element elementor-element-f7aadb8 elementor-widget elementor-widget-text-editor\" data-id=\"f7aadb8\" data-element_type=\"widget\" data-e-type=\"widget\" data-widget_type=\"text-editor.default\">\n\t\t\t\t<div class=\"elementor-widget-container\">\n\t\t\t\t\t\t\t\t\t<p>Nous traitons les donn\u00e9es \u00e0 caract\u00e8re personnel de nos travailleurs dans le cadre de notre gestion du personnel et de l\u2019administration des salaires. Eu \u00e9gard \u00e0 sa nature sp\u00e9cifique, ce traitement est r\u00e9gi de mani\u00e8re plus \u00e9labor\u00e9e dans une Politique de protection des donn\u00e9es pour travailleurs. <\/p>\n\t\t\t\t\t\t\t\t<\/div>\n\t\t\t\t<\/div>\n\t\t\t\t<div class=\"elementor-element elementor-element-b630dff elementor-widget elementor-widget-heading\" data-id=\"b630dff\" data-element_type=\"widget\" data-e-type=\"widget\" data-widget_type=\"heading.default\">\n\t\t\t\t<div class=\"elementor-widget-container\">\n\t\t\t\t\t<h4 class=\"elementor-heading-title elementor-size-default\">5.4 Autres donn\u00e9es<\/h4>\t\t\t\t<\/div>\n\t\t\t\t<\/div>\n\t\t\t\t<div class=\"elementor-element elementor-element-dd2282d elementor-widget elementor-widget-text-editor\" data-id=\"dd2282d\" data-element_type=\"widget\" data-e-type=\"widget\" data-widget_type=\"text-editor.default\">\n\t\t\t\t<div class=\"elementor-widget-container\">\n\t\t\t\t\t\t\t\t\t<p>Outre les donn\u00e9es des clients, fournisseurs\/sous-traitants et du personnel, nous traitons \u00e9galement les donn\u00e9es \u00e0 caract\u00e8re personnel d\u2019autres personnes, telles que d\u2019\u00e9ventuels nouveaux clients\/prospects, contacts utiles au sein de notre secteur, contacts de r\u00e9seau, contacts d\u2019experts, etc. Ces traitements sont effectu\u00e9s dans l\u2019int\u00e9r\u00eat de nos activit\u00e9s de marketing direct et de relations publiques. La base juridique est notre int\u00e9r\u00eat l\u00e9gitime ou, dans certains cas, l\u2019ex\u00e9cution d\u2019un contrat.  <\/p>\n<p>Nous traitons les donn\u00e9es \u00e0 caract\u00e8re personnel de mineurs (personnes \u00e2g\u00e9es de moins de 16 ans) uniquement si un parent ou le repr\u00e9sentant l\u00e9gal a donn\u00e9 son autorisation \u00e9crite \u00e0 cet effet.<\/p>\n\t\t\t\t\t\t\t\t<\/div>\n\t\t\t\t<\/div>\n\t\t\t\t\t<\/div>\n\t\t\t\t<\/div>\n\t\t<div class=\"elementor-element elementor-element-9ceb483 e-flex e-con-boxed e-con e-parent\" data-id=\"9ceb483\" data-element_type=\"container\" data-e-type=\"container\">\n\t\t\t\t\t<div class=\"e-con-inner\">\n\t\t\t\t<div class=\"elementor-element elementor-element-dfb665f elementor-widget elementor-widget-heading\" data-id=\"dfb665f\" data-element_type=\"widget\" data-e-type=\"widget\" data-widget_type=\"heading.default\">\n\t\t\t\t<div class=\"elementor-widget-container\">\n\t\t\t\t\t<h3 class=\"elementor-heading-title elementor-size-default\">6. DUR\u00c9E DU TRAITEMENT<\/h3>\t\t\t\t<\/div>\n\t\t\t\t<\/div>\n\t\t\t\t<div class=\"elementor-element elementor-element-7841b47 elementor-widget elementor-widget-text-editor\" data-id=\"7841b47\" data-element_type=\"widget\" data-e-type=\"widget\" data-widget_type=\"text-editor.default\">\n\t\t\t\t<div class=\"elementor-widget-container\">\n\t\t\t\t\t\t\t\t\t<p>Nous conservons et traitons les donn\u00e9es \u00e0 caract\u00e8re personnel pour une p\u00e9riode n\u00e9cessaire en fonction des finalit\u00e9s du traitement et de la relation (contractuelle ou non) que nous entretenons avec vous.<\/p>\n<p>Les donn\u00e9es des clients et des fournisseurs ou sous-traitants seront, dans tous les cas, supprim\u00e9es de nos syst\u00e8mes \u00e0 l\u2019issue d\u2019un d\u00e9lai de sept ans apr\u00e8s la derni\u00e8re utilisation de ces donn\u00e9es ou apr\u00e8s la r\u00e9siliation du contrat ou la fin du projet, sauf en ce qui concerne les donn\u00e9es \u00e0 caract\u00e8re personnel que nous sommes tenus de garder plus longtemps sur la base d\u2019une l\u00e9gislation sp\u00e9cifique ou dans le cas d\u2019un litige en cours pour lequel les donn\u00e9es \u00e0 caract\u00e8re personnel sont encore n\u00e9cessaires. <\/p>\n\t\t\t\t\t\t\t\t<\/div>\n\t\t\t\t<\/div>\n\t\t\t\t\t<\/div>\n\t\t\t\t<\/div>\n\t\t<div class=\"elementor-element elementor-element-865618d e-flex e-con-boxed e-con e-parent\" data-id=\"865618d\" data-element_type=\"container\" data-e-type=\"container\">\n\t\t\t\t\t<div class=\"e-con-inner\">\n\t\t\t\t<div class=\"elementor-element elementor-element-c5e7ca8 elementor-widget elementor-widget-heading\" data-id=\"c5e7ca8\" data-element_type=\"widget\" data-e-type=\"widget\" data-widget_type=\"heading.default\">\n\t\t\t\t<div class=\"elementor-widget-container\">\n\t\t\t\t\t<h3 class=\"elementor-heading-title elementor-size-default\">7. DROITS<\/h3>\t\t\t\t<\/div>\n\t\t\t\t<\/div>\n\t\t\t\t<div class=\"elementor-element elementor-element-f15e6f6 elementor-widget elementor-widget-text-editor\" data-id=\"f15e6f6\" data-element_type=\"widget\" data-e-type=\"widget\" data-widget_type=\"text-editor.default\">\n\t\t\t\t<div class=\"elementor-widget-container\">\n\t\t\t\t\t\t\t\t\t<p>Conform\u00e9ment \u00e0 et selon les conditions de la l\u00e9gislation belge relative \u00e0 la protection de la vie priv\u00e9e et les dispositions du R\u00e8glement G\u00e9n\u00e9ral sur la Protection des Donn\u00e9es, nous vous informons que vous disposez des droits suivants :<\/p>\n<ul>\n<li>Droit d\u2019acc\u00e8s et de consultation : vous avez le droit de prendre connaissance gratuitement des donn\u00e9es que nous d\u00e9tenons \u00e0 votre sujet et de v\u00e9rifier \u00e0 quelles fins elles sont utilis\u00e9es.<\/li>\n<li>Droit de rectification : vous avez le droit d\u2019obtenir la rectification (correction) des donn\u00e9es \u00e0 caract\u00e8re personnel erron\u00e9es vous concernant, et de compl\u00e9ter les donn\u00e9es \u00e0 caract\u00e8re personnel incompl\u00e8tes.<\/li>\n<li>Droit \u00e0 l\u2019effacement ou \u00e0 la limitation des donn\u00e9es : vous avez le droit de nous demander d\u2019effacer les donn\u00e9es \u00e0 caract\u00e8re personnel vous concernant ou de limiter le traitement de ces donn\u00e9es dans les circonstances et sous les conditions stipul\u00e9es dans le R\u00e8glement G\u00e9n\u00e9ral sur la Protection des Donn\u00e9es. Nous pouvons refuser l\u2019effacement ou la limitation des donn\u00e9es \u00e0 caract\u00e8re personnel dont nous avons besoin pour l\u2019ex\u00e9cution d\u2019une obligation l\u00e9gale, la r\u00e9alisation du contrat ou notre int\u00e9r\u00eat l\u00e9gitime, aussi longtemps que ces donn\u00e9es sont n\u00e9cessaires pour les finalit\u00e9s pour lesquelles elles ont \u00e9t\u00e9 collect\u00e9es. <\/li>\n<li>Droit \u00e0 la portabilit\u00e9 des donn\u00e9es : vous avez le droit de recevoir les donn\u00e9es \u00e0 caract\u00e8re personnel que vous nous avez fournies dans un format structur\u00e9, couramment utilis\u00e9 et lisible par machine. Vous avez le droit de transmettre ces donn\u00e9es \u00e0 un autre responsable du traitement. <\/li>\n<li>Droit d\u2019opposition : vous avez le droit de vous opposer au traitement de vos donn\u00e9es \u00e0 caract\u00e8re personnel pour des raisons s\u00e9rieuses et l\u00e9gitimes. Veuillez toutefois noter que vous ne pouvez pas vous opposer au traitement des donn\u00e9es \u00e0 caract\u00e8re personnel dont nous avons besoin pour l\u2019ex\u00e9cution d\u2019une obligation l\u00e9gale, la r\u00e9alisation du contrat ou notre int\u00e9r\u00eat l\u00e9gitime, aussi longtemps que ces donn\u00e9es sont n\u00e9cessaires pour les finalit\u00e9s pour lesquelles elles ont \u00e9t\u00e9 collect\u00e9es. <\/li>\n<li>Droit de retrait du consentement : si le traitement des donn\u00e9es \u00e0 caract\u00e8re personnel est bas\u00e9 sur le consentement pr\u00e9alable, vous disposez du droit de retirer ce consentement. Ces donn\u00e9es \u00e0 caract\u00e8re personnel seront alors trait\u00e9es uniquement si nous disposons d\u2019une autre base juridique \u00e0 cet \u00e9gard. <\/li>\n<li>D\u00e9cisions automatiques et profilage : nous confirmons que le traitement des donn\u00e9es \u00e0 caract\u00e8re personnel ne comprend pas de profilage et que vous ne serez pas soumis(e) \u00e0 des d\u00e9cisions enti\u00e8rement automatis\u00e9es.<\/li>\n<\/ul>\n<p>Vous pouvez exercer les droits pr\u00e9cit\u00e9s en vous adressant \u00e0 la personne de contact d\u00e9sign\u00e9e \u00e0 cet effet : Monsieur Geert Lambert, Directeur, donn\u00e9es de contact; t\u00e9l +32 476 91 11 48, courriel <a href=\"mailto:geert.lambert@mobilmat.be\">geert.lambert@mobilmat.be<\/a>.<br><br>Nous mettons tout en \u0153uvre pour assurer un traitement m\u00e9ticuleux et l\u00e9gitime des donn\u00e9es \u00e0 caract\u00e8re personnel vous concernant, conform\u00e9ment \u00e0 la r\u00e8glementation applicable. Si vous estimez toutefois que vos droits n\u2019ont pas \u00e9t\u00e9 respect\u00e9s et que vos inqui\u00e9tudes ne sont pas \u00e9cout\u00e9es au sein de notre entreprise, vous \u00eates libre de d\u00e9poser une plainte aupr\u00e8s de : <br><br>Commission de la protection de la vie priv\u00e9e<br>Rue de la Presse 35, 1000 Bruxelles<br>Tel. 02 274 48 00<br>Fax. 02 274 48 35<br>Courriel: <a href=\"mailto:commission@privacycommission.be\">commission@privacycommission.be<\/a><br><br>Vous pouvez \u00e9galement recourir \u00e0 la voie judiciaire si vous estimez que vous subissez un pr\u00e9judice caus\u00e9 par le traitement de vos donn\u00e9es \u00e0 caract\u00e8re personnel.<\/p>\t\t\t\t\t\t\t\t<\/div>\n\t\t\t\t<\/div>\n\t\t\t\t\t<\/div>\n\t\t\t\t<\/div>\n\t\t<div class=\"elementor-element elementor-element-076ef7c e-flex e-con-boxed e-con e-parent\" data-id=\"076ef7c\" data-element_type=\"container\" data-e-type=\"container\">\n\t\t\t\t\t<div class=\"e-con-inner\">\n\t\t\t\t<div class=\"elementor-element elementor-element-1f15ea1 elementor-widget elementor-widget-heading\" data-id=\"1f15ea1\" data-element_type=\"widget\" data-e-type=\"widget\" data-widget_type=\"heading.default\">\n\t\t\t\t<div class=\"elementor-widget-container\">\n\t\t\t\t\t<h3 class=\"elementor-heading-title elementor-size-default\">8. TRANSMISSION \u00c0 DES TIERS<\/h3>\t\t\t\t<\/div>\n\t\t\t\t<\/div>\n\t\t\t\t<div class=\"elementor-element elementor-element-a5cbeb7 elementor-widget elementor-widget-text-editor\" data-id=\"a5cbeb7\" data-element_type=\"widget\" data-e-type=\"widget\" data-widget_type=\"text-editor.default\">\n\t\t\t\t<div class=\"elementor-widget-container\">\n\t\t\t\t\t\t\t\t\t<p>Certaines donn\u00e9es \u00e0 caract\u00e8re personnel que nous avons collect\u00e9es seront transmises \u00e0 et peuvent \u00eatre trait\u00e9es par des prestataires de services tiers, tels que notre fournisseur IT, comptable, r\u00e9viseur, ainsi que par l\u2019\u00c9tat (par exemple, dans le cas de la d\u00e9claration de travaux \u00ab 30bis \u00bb, de l\u2019enregistrement \u00e9lectronique des pr\u00e9sences ou pour l\u2019attribution de march\u00e9s publics).<\/p>\n<p>Il est possible qu\u2019une ou plusieurs des parties tierces susmentionn\u00e9es se trouvent en dehors de l\u2019Espace \u00e9conomique europ\u00e9en (\u00ab EEE \u00bb). Cependant, les donn\u00e9es \u00e0 caract\u00e8re personnel ne seront transmises qu\u2019aux pays tiers disposant d\u2019un niveau de protection ad\u00e9quat. <\/p>\n<p>Les travailleurs, managers et\/ou repr\u00e9sentants des prestataires de services ou institutions susmentionn\u00e9s, ainsi que les prestataires de services sp\u00e9cialis\u00e9s d\u00e9sign\u00e9s par ceux-ci, sont tenus de respecter la nature confidentielle de vos donn\u00e9es \u00e0 caract\u00e8re personnel et ne pourront utiliser ces donn\u00e9es que pour les finalit\u00e9s pour lesquelles elles ont \u00e9t\u00e9 fournies.<\/p>\n<p>Le cas \u00e9ch\u00e9ant, vos donn\u00e9es \u00e0 caract\u00e8re personnel pourront \u00eatre transmises \u00e0 d\u2019autres parties tierces. Cela pourrait arriver, par exemple, dans le cas d\u2019une r\u00e9organisation totale ou partielle de notre entreprise, d\u2019un transfert de nos activit\u00e9s ou d\u2019une d\u00e9claration de faillite. Il est \u00e9galement possible que des donn\u00e9es \u00e0 caract\u00e8re personnel doivent \u00eatre transmises \u00e0 la suite d\u2019une injonction ou afin de remplir une obligation l\u00e9gale particuli\u00e8re. Dans ce cas, nous nous efforcerons dans la mesure du possible de vous informer au pr\u00e9alable de cette communication \u00e0 d\u2019autres parties tierces. Cependant, vous admettrez et comprendrez que, dans certaines circonstances, cela n\u2019est pas toujours r\u00e9alisable d\u2019un point de vue technique ou commercial, ou que des limitations l\u00e9gales peuvent s\u2019appliquer.    <\/p>\n<p>Nous ne vendrons en aucun cas vos donn\u00e9es \u00e0 caract\u00e8re personnel et nous ne les mettrons pas non plus \u00e0 la disposition de bureaux de marketing direct ou de prestataires de services similaires, sauf accord pr\u00e9alable de votre part.<\/p>\n\t\t\t\t\t\t\t\t<\/div>\n\t\t\t\t<\/div>\n\t\t\t\t\t<\/div>\n\t\t\t\t<\/div>\n\t\t<div class=\"elementor-element elementor-element-d325591 e-flex e-con-boxed e-con e-parent\" data-id=\"d325591\" data-element_type=\"container\" data-e-type=\"container\">\n\t\t\t\t\t<div class=\"e-con-inner\">\n\t\t\t\t<div class=\"elementor-element elementor-element-4c7dd4c elementor-widget elementor-widget-heading\" data-id=\"4c7dd4c\" data-element_type=\"widget\" data-e-type=\"widget\" data-widget_type=\"heading.default\">\n\t\t\t\t<div class=\"elementor-widget-container\">\n\t\t\t\t\t<h3 class=\"elementor-heading-title elementor-size-default\">9. MESURES TECHNIQUES ET ORGANISATIONNELLES<\/h3>\t\t\t\t<\/div>\n\t\t\t\t<\/div>\n\t\t\t\t<div class=\"elementor-element elementor-element-064b273 elementor-widget elementor-widget-text-editor\" data-id=\"064b273\" data-element_type=\"widget\" data-e-type=\"widget\" data-widget_type=\"text-editor.default\">\n\t\t\t\t<div class=\"elementor-widget-container\">\n\t\t\t\t\t\t\t\t\t<p>Nous prenons les mesures techniques et organisationnelles n\u00e9cessaires afin de traiter vos donn\u00e9es \u00e0 caract\u00e8re personnel selon un niveau de s\u00e9curit\u00e9 suffisant et de les prot\u00e9ger contre toute destruction, perte, falsification, alt\u00e9ration, acc\u00e8s non autoris\u00e9 ou notification accidentelle \u00e0 des tiers, ainsi que tout autre traitement non autoris\u00e9 de ces donn\u00e9es.<\/p>\n<p>En aucun cas MOBILMAT NV ne pourra \u00eatre tenue responsable pour d\u2019\u00e9ventuels dommages directs ou indirects r\u00e9sultant d\u2019une utilisation erron\u00e9e ou illicite des donn\u00e9es \u00e0 caract\u00e8re personnel par un tiers.<\/p>\n\t\t\t\t\t\t\t\t<\/div>\n\t\t\t\t<\/div>\n\t\t\t\t\t<\/div>\n\t\t\t\t<\/div>\n\t\t<div class=\"elementor-element elementor-element-1b96f49 e-flex e-con-boxed e-con e-parent\" data-id=\"1b96f49\" data-element_type=\"container\" data-e-type=\"container\">\n\t\t\t\t\t<div class=\"e-con-inner\">\n\t\t\t\t<div class=\"elementor-element elementor-element-294210c elementor-widget elementor-widget-heading\" data-id=\"294210c\" data-element_type=\"widget\" data-e-type=\"widget\" data-widget_type=\"heading.default\">\n\t\t\t\t<div class=\"elementor-widget-container\">\n\t\t\t\t\t<h3 class=\"elementor-heading-title elementor-size-default\">10. ACC\u00c8S PAR DES TIERS<\/h3>\t\t\t\t<\/div>\n\t\t\t\t<\/div>\n\t\t\t\t<div class=\"elementor-element elementor-element-e35149a elementor-widget elementor-widget-text-editor\" data-id=\"e35149a\" data-element_type=\"widget\" data-e-type=\"widget\" data-widget_type=\"text-editor.default\">\n\t\t\t\t<div class=\"elementor-widget-container\">\n\t\t\t\t\t\t\t\t\t<p>En vue du traitement de vos donn\u00e9es \u00e0 caract\u00e8re personnel, nous autorisons nos travailleurs, collaborateurs et pr\u00e9pos\u00e9s \u00e0 acc\u00e9der \u00e0 ces donn\u00e9es. Nous garantissons un niveau de protection similaire en imposant des obligations contractuelles \u00e0 ces travailleurs, collaborateurs et pr\u00e9pos\u00e9s, comparables \u00e0 celles d\u00e9crites dans la note d\u2019information sur la protection des donn\u00e9es personnelles. <\/p>\n\t\t\t\t\t\t\t\t<\/div>\n\t\t\t\t<\/div>\n\t\t\t\t\t<\/div>\n\t\t\t\t<\/div>\n\t\t<div class=\"elementor-element elementor-element-1e820bc e-flex e-con-boxed e-con e-parent\" data-id=\"1e820bc\" data-element_type=\"container\" data-e-type=\"container\">\n\t\t\t\t\t<div class=\"e-con-inner\">\n\t\t\t\t<div class=\"elementor-element elementor-element-b694396 elementor-widget elementor-widget-heading\" data-id=\"b694396\" data-element_type=\"widget\" data-e-type=\"widget\" data-widget_type=\"heading.default\">\n\t\t\t\t<div class=\"elementor-widget-container\">\n\t\t\t\t\t<h3 class=\"elementor-heading-title elementor-size-default\">11. QUESTIONS ?<\/h3>\t\t\t\t<\/div>\n\t\t\t\t<\/div>\n\t\t\t\t<div class=\"elementor-element elementor-element-cd3b8cc elementor-widget elementor-widget-text-editor\" data-id=\"cd3b8cc\" data-element_type=\"widget\" data-e-type=\"widget\" data-widget_type=\"text-editor.default\">\n\t\t\t\t<div class=\"elementor-widget-container\">\n\t\t\t\t\t\t\t\t\t<p>Si vous avez encore des questions ou des remarques concernant la collecte et le traitement de vos donn\u00e9es \u00e0 caract\u00e8re personnel apr\u00e8s avoir lu la pr\u00e9sente note d\u2019information sur la protection des donn\u00e9es personnelles, vous pouvez contacter Monsieur Geert Lambert, soit par courrier envoy\u00e9 \u00e0 8000 Bruges, Pathoekeweg 400, soit par courriel adress\u00e9 \u00e0 <a href=\"mailto:geert.lambert@mobilmat.be\">geert.lambert@mobilmat.be<\/a>.<\/p>\n<p><strong>Fait \u00e0 Bruges, le 15 octobre 2021<br>La pr\u00e9sente note d\u2019information sur la protection des donn\u00e9es personnelles est valable dans sa forme actuelle jusqu\u2019\u00e0 la prochaine modification.<\/strong><\/p>\t\t\t\t\t\t\t\t<\/div>\n\t\t\t\t<\/div>\n\t\t\t\t\t<\/div>\n\t\t\t\t<\/div>\n\t\t<div class=\"elementor-element elementor-element-d5711fc e-flex e-con-boxed e-con e-parent\" data-id=\"d5711fc\" data-element_type=\"container\" data-e-type=\"container\">\n\t\t\t\t\t<div class=\"e-con-inner\">\n\t\t\t\t<div class=\"elementor-element elementor-element-4db42f7 elementor-widget elementor-widget-heading\" data-id=\"4db42f7\" data-element_type=\"widget\" data-e-type=\"widget\" data-widget_type=\"heading.default\">\n\t\t\t\t<div class=\"elementor-widget-container\">\n\t\t\t\t\t<h2 class=\"elementor-heading-title elementor-size-default\">Cookies<\/h2>\t\t\t\t<\/div>\n\t\t\t\t<\/div>\n\t\t\t\t<div class=\"elementor-element elementor-element-f3655ad elementor-widget elementor-widget-text-editor\" data-id=\"f3655ad\" data-element_type=\"widget\" data-e-type=\"widget\" data-widget_type=\"text-editor.default\">\n\t\t\t\t<div class=\"elementor-widget-container\">\n\t\t\t\t\t\t\t\t\t<p>Nous utilisons des cookies sur ce site (un cookie est un petit fichier envoy\u00e9 par un serveur Internet, qui s&rsquo;enregistre sur le disque dur de votre ordinateur. Il garde la trace du site Internet visit\u00e9 et contient un certain nombre d&rsquo;informations sur cette visite).<\/p>\n<p>Nous utilisons toujours les technologies de cryptage qui sont reconnues comme les standards industriels au sein du secteur IT lorsque nous transf\u00e9rons ou recevons vos donn\u00e9es sur notre site.<\/p>\n<p>Le site Internet du MOBILMAT NV utilise le remarketing ou des groupes cibles de ce type pour faire de la publicit\u00e9 en ligne et vous afficher les publicit\u00e9s les plus pertinentes via des fournisseurs externes, dont Google. Ces publicit\u00e9s sont affich\u00e9es sur des sites, sur Internet. <\/p>\n<p>Ces fournisseurs externes, dont Google, utilisent des cookies pour afficher les publicit\u00e9s sur base de pr\u00e9c\u00e9dentes visites d\u2019utilisateurs sur notre site.<\/p>\n<p>Vous pouvez choisir de d\u00e9sactiver les cookies de Google via l\u2019option &lsquo;<a href=\"https:\/\/adssettings.google.com\/authenticated?hl=nl\" target=\"_blank\" rel=\"noreferrer noopener\">Gestion des pr\u00e9f\u00e9rences publicitaires<\/a>&lsquo;. Vous pouvez \u00e9galement refuser les cookies de fournisseurs externes en vous rendant sur la page &lsquo;<a href=\"https:\/\/optout.networkadvertising.org\/?c=1\" target=\"_blank\" rel=\"noreferrer noopener\">Network Advertising Initiative Opt-Out<\/a>&lsquo;.<\/p>\n\t\t\t\t\t\t\t\t<\/div>\n\t\t\t\t<\/div>\n\t\t\t\t\t<\/div>\n\t\t\t\t<\/div>\n\t\t\t\t<\/div>\n\t\t","protected":false},"excerpt":{"rendered":"<p>Privacy Privacy DATA PROTECTION NOTICE MOBILMAT 1. INTRODUCTION MOBILMAT NV, dont le si\u00e8ge social est \u00e9tabli \u00e0 8000 Brugge, Pathoekeweg 400 et inscrite \u00e0 la Banque-Carrefour des Entreprises sous le num\u00e9ro d\u2019entreprise 0431.057.310, accorde une grande importance \u00e0 la collecte et au traitement s\u00fbrs, transparents et confidentiels de vos donn\u00e9es \u00e0 caract\u00e8re personnel. Nous voulons [&hellip;]<\/p>\n","protected":false},"author":1,"featured_media":0,"parent":0,"menu_order":0,"comment_status":"closed","ping_status":"open","template":"","meta":{"footnotes":""},"class_list":["post-801","page","type-page","status-publish","hentry"],"acf":[],"_links":{"self":[{"href":"https:\/\/mobilmat.be\/fr\/wp-json\/wp\/v2\/pages\/801","targetHints":{"allow":["GET"]}}],"collection":[{"href":"https:\/\/mobilmat.be\/fr\/wp-json\/wp\/v2\/pages"}],"about":[{"href":"https:\/\/mobilmat.be\/fr\/wp-json\/wp\/v2\/types\/page"}],"author":[{"embeddable":true,"href":"https:\/\/mobilmat.be\/fr\/wp-json\/wp\/v2\/users\/1"}],"replies":[{"embeddable":true,"href":"https:\/\/mobilmat.be\/fr\/wp-json\/wp\/v2\/comments?post=801"}],"version-history":[{"count":1,"href":"https:\/\/mobilmat.be\/fr\/wp-json\/wp\/v2\/pages\/801\/revisions"}],"predecessor-version":[{"id":802,"href":"https:\/\/mobilmat.be\/fr\/wp-json\/wp\/v2\/pages\/801\/revisions\/802"}],"wp:attachment":[{"href":"https:\/\/mobilmat.be\/fr\/wp-json\/wp\/v2\/media?parent=801"}],"curies":[{"name":"wp","href":"https:\/\/api.w.org\/{rel}","templated":true}]}}